{"id":41583,"date":"2021-08-27T08:51:07","date_gmt":"2021-08-27T05:51:07","guid":{"rendered":"https:\/\/www.pavb.lt\/?post_type=regional_project&#038;p=41583"},"modified":"2021-11-10T15:14:09","modified_gmt":"2021-11-10T13:14:09","slug":"xiv-konferencija-skirta-baltijos-keliui-ir-juodojo-kaspino-dienai-atminti","status":"publish","type":"regional_project","link":"https:\/\/www.pavb.lt\/en\/regiono-biblioteku-projektai\/xiv-konferencija-skirta-baltijos-keliui-ir-juodojo-kaspino-dienai-atminti\/","title":{"rendered":"XIV konferencija, skirta Baltijos keliui ir Juodojo kaspino dienai atminti"},"content":{"rendered":"\n<p class=\"has-text-align-justify\">Tai \u2013 gyvosios istorijos konferencija, kasmet rengiama Juodojo kaspino ir Baltijos kelio dienai pamin\u0117ti. Partneris \u2013 Panev\u0117\u017eio kra\u0161totyros muziejus.<\/p>\n\n\n\n<p class=\"has-text-align-justify\">Pasirinkta inovatyvi konferencijos strukt\u016bra: I dalis vyksta ne tradicin\u0117je konferencij\u0173 sal\u0117je, o paskutiniojo tarpukario Lietuvos u\u017esienio reikal\u0173 ministro Juozo Urb\u0161io, kuris baig\u0117 Juozo Bal\u010dikonio gimnazij\u0105 (tuomet Vyr\u0173 gimnazij\u0105), t\u0117vi\u0161k\u0117s sodyboje, \u010ci\u016br\u0173 kaime. Atvykusieji \u012f konferencij\u0105 turi galimyb\u0119 susipa\u017einti su \u010dia veikian\u010dia nuolatine ekspozicija \u2013 Lietuvos diplomato,&nbsp; vert\u0117jo J. Urb\u0161io gyvenimu ir veikla. Konferencijos dien\u0105 biblioteka sudaro s\u0105lygas norintiems atvykti \u012f \u0161i\u0105 sodyb\u0105.<\/p>\n\n\n\n<p class=\"has-text-align-justify\">\u0160\u012fmet projektas d\u0117l pandemijos i\u0161sipl\u0117s ir vyks trijose vietose: Juozo Urb\u0161io t\u0117vi\u0161k\u0117s sodyboje, \u010ci\u016br\u0173 k., Panev\u0117\u017eio r.; Panev\u0117\u017eio G. Petkevi\u010dait\u0117s-Bit\u0117s vie\u0161ojoje bibliotekoje ir pirm\u0105 kart\u0105 Panev\u0117\u017eio kra\u0161totyros muziejuje po restauracijos.<\/p>\n\n\n\n<p class=\"has-text-align-justify\">Konferencijos metu vyks Baltijos \u0161ali\u0173 kardeli\u0173 paroda, \u012f kuri\u0105 pakviesti \u017eymiausi selekcinininkai ir augintojai. \u201eBaltijos kelio g\u0117l\u0117s\u201c paroda pateisino l\u016bkes\u010dius, \u012fne\u0161ant dar vien\u0105 spalv\u0105 \u012f tradicin\u012f projekt\u0105, suteikiant jam ne vien dalykin\u012f, bet ir emocin\u012f kr\u016bv\u012f.<\/p>\n","protected":false},"featured_media":41109,"menu_order":0,"comment_status":"closed","ping_status":"closed","template":"","meta":{"_acf_changed":false,"footnotes":""},"prj_institution":[1937],"prj_partner":[],"prj_sponsor":[1988],"prj_category":[2003],"prj_target_group":[],"prj_year":[1941],"prj_status":[1999],"class_list":["post-41583","regional_project","type-regional_project","status-publish","has-post-thumbnail","hentry","prj_institution-panevezio-apskrities-gabrieles-petkevicaites-bites-viesoji-biblioteka","prj_sponsor-https-www-panevezys-lt","prj_category-skaitymo-skatinimas-ir-renginiai","prj_year-1941","prj_status-regioninis"],"acf":[],"yoast_head":"<!-- This site is optimized with the Yoast SEO plugin v27.4 - https:\/\/yoast.com\/product\/yoast-seo-wordpress\/ -->\n<title>XIV konferencija, skirta Baltijos keliui ir Juodojo kaspino dienai atminti - Panevezys County Gabriele Petkevicaite-Bite Public Library<\/title>\n<meta name=\"robots\" content=\"index, follow, max-snippet:-1, max-image-preview:large, max-video-preview:-1\" \/>\n<link rel=\"canonical\" href=\"https:\/\/www.pavb.lt\/regiono-biblioteku-projektai\/xiv-konferencija-skirta-baltijos-keliui-ir-juodojo-kaspino-dienai-atminti\/\" \/>\n<meta property=\"og:locale\" content=\"en_US\" \/>\n<meta property=\"og:type\" content=\"article\" \/>\n<meta property=\"og:title\" content=\"XIV konferencija, skirta Baltijos keliui ir Juodojo kaspino dienai atminti - Panevezys County Gabriele Petkevicaite-Bite Public Library\" \/>\n<meta property=\"og:description\" content=\"Tai \u2013 gyvosios istorijos konferencija, kasmet rengiama Juodojo kaspino ir Baltijos kelio dienai pamin\u0117ti. Partneris \u2013 Panev\u0117\u017eio kra\u0161totyros muziejus. Pasirinkta inovatyvi konferencijos strukt\u016bra: I dalis vyksta ne tradicin\u0117je konferencij\u0173 sal\u0117je, o paskutiniojo tarpukario Lietuvos u\u017esienio reikal\u0173 ministro Juozo Urb\u0161io, kuris baig\u0117 Juozo Bal\u010dikonio gimnazij\u0105 (tuomet Vyr\u0173 gimnazij\u0105), t\u0117vi\u0161k\u0117s sodyboje, \u010ci\u016br\u0173 kaime. Atvykusieji \u012f konferencij\u0105 turi..... Read More\" \/>\n<meta property=\"og:url\" content=\"https:\/\/www.pavb.lt\/regiono-biblioteku-projektai\/xiv-konferencija-skirta-baltijos-keliui-ir-juodojo-kaspino-dienai-atminti\/\" \/>\n<meta property=\"og:site_name\" content=\"Panevezys County Gabriele Petkevicaite-Bite Public Library\" \/>\n<meta property=\"article:modified_time\" content=\"2021-11-10T13:14:09+00:00\" \/>\n<meta property=\"og:image\" content=\"https:\/\/www.pavb.lt\/wp-content\/uploads\/2021\/08\/Juodojo-kaspino-konferencija.jpg\" \/>\n\t<meta property=\"og:image:width\" content=\"1000\" \/>\n\t<meta property=\"og:image:height\" content=\"563\" \/>\n\t<meta property=\"og:image:type\" content=\"image\/jpeg\" \/>\n<meta name=\"twitter:card\" content=\"summary_large_image\" \/>\n<script type=\"application\/ld+json\" class=\"yoast-schema-graph\">{\"@context\":\"https:\\\/\\\/schema.org\",\"@graph\":[{\"@type\":\"WebPage\",\"@id\":\"https:\\\/\\\/www.pavb.lt\\\/regiono-biblioteku-projektai\\\/xiv-konferencija-skirta-baltijos-keliui-ir-juodojo-kaspino-dienai-atminti\\\/\",\"url\":\"https:\\\/\\\/www.pavb.lt\\\/regiono-biblioteku-projektai\\\/xiv-konferencija-skirta-baltijos-keliui-ir-juodojo-kaspino-dienai-atminti\\\/\",\"name\":\"XIV konferencija, skirta Baltijos keliui ir Juodojo kaspino dienai atminti - Panevezys County Gabriele Petkevicaite-Bite Public Library\",\"isPartOf\":{\"@id\":\"https:\\\/\\\/www.pavb.lt\\\/en\\\/#website\"},\"primaryImageOfPage\":{\"@id\":\"https:\\\/\\\/www.pavb.lt\\\/regiono-biblioteku-projektai\\\/xiv-konferencija-skirta-baltijos-keliui-ir-juodojo-kaspino-dienai-atminti\\\/#primaryimage\"},\"image\":{\"@id\":\"https:\\\/\\\/www.pavb.lt\\\/regiono-biblioteku-projektai\\\/xiv-konferencija-skirta-baltijos-keliui-ir-juodojo-kaspino-dienai-atminti\\\/#primaryimage\"},\"thumbnailUrl\":\"https:\\\/\\\/www.pavb.lt\\\/wp-content\\\/uploads\\\/2021\\\/08\\\/Juodojo-kaspino-konferencija.jpg\",\"datePublished\":\"2021-08-27T05:51:07+00:00\",\"dateModified\":\"2021-11-10T13:14:09+00:00\",\"breadcrumb\":{\"@id\":\"https:\\\/\\\/www.pavb.lt\\\/regiono-biblioteku-projektai\\\/xiv-konferencija-skirta-baltijos-keliui-ir-juodojo-kaspino-dienai-atminti\\\/#breadcrumb\"},\"inLanguage\":\"en-US\",\"potentialAction\":[{\"@type\":\"ReadAction\",\"target\":[\"https:\\\/\\\/www.pavb.lt\\\/regiono-biblioteku-projektai\\\/xiv-konferencija-skirta-baltijos-keliui-ir-juodojo-kaspino-dienai-atminti\\\/\"]}]},{\"@type\":\"ImageObject\",\"inLanguage\":\"en-US\",\"@id\":\"https:\\\/\\\/www.pavb.lt\\\/regiono-biblioteku-projektai\\\/xiv-konferencija-skirta-baltijos-keliui-ir-juodojo-kaspino-dienai-atminti\\\/#primaryimage\",\"url\":\"https:\\\/\\\/www.pavb.lt\\\/wp-content\\\/uploads\\\/2021\\\/08\\\/Juodojo-kaspino-konferencija.jpg\",\"contentUrl\":\"https:\\\/\\\/www.pavb.lt\\\/wp-content\\\/uploads\\\/2021\\\/08\\\/Juodojo-kaspino-konferencija.jpg\",\"width\":1000,\"height\":563,\"caption\":\"Antano Stanevi\u010diaus nuotrauka, Ritos Razi\u016bnait\u0117s dizainas\"},{\"@type\":\"BreadcrumbList\",\"@id\":\"https:\\\/\\\/www.pavb.lt\\\/regiono-biblioteku-projektai\\\/xiv-konferencija-skirta-baltijos-keliui-ir-juodojo-kaspino-dienai-atminti\\\/#breadcrumb\",\"itemListElement\":[{\"@type\":\"ListItem\",\"position\":1,\"name\":\"Home\",\"item\":\"https:\\\/\\\/www.pavb.lt\\\/en\\\/\"},{\"@type\":\"ListItem\",\"position\":2,\"name\":\"Regiono bibliotek\u0173 projektai\",\"item\":\"https:\\\/\\\/www.pavb.lt\\\/en\\\/regiono-biblioteku-projektai\\\/\"},{\"@type\":\"ListItem\",\"position\":3,\"name\":\"XIV konferencija, skirta Baltijos keliui ir Juodojo kaspino dienai atminti\"}]},{\"@type\":\"WebSite\",\"@id\":\"https:\\\/\\\/www.pavb.lt\\\/en\\\/#website\",\"url\":\"https:\\\/\\\/www.pavb.lt\\\/en\\\/\",\"name\":\"Panevezys County Gabriele Petkevicaite-Bite Public Library\",\"description\":\"Here is your Library!\",\"publisher\":{\"@id\":\"https:\\\/\\\/www.pavb.lt\\\/en\\\/#organization\"},\"potentialAction\":[{\"@type\":\"SearchAction\",\"target\":{\"@type\":\"EntryPoint\",\"urlTemplate\":\"https:\\\/\\\/www.pavb.lt\\\/en\\\/?s={search_term_string}\"},\"query-input\":{\"@type\":\"PropertyValueSpecification\",\"valueRequired\":true,\"valueName\":\"search_term_string\"}}],\"inLanguage\":\"en-US\"},{\"@type\":\"Organization\",\"@id\":\"https:\\\/\\\/www.pavb.lt\\\/en\\\/#organization\",\"name\":\"Panev\u0117\u017eio apskrities Gabriel\u0117s Petkevi\u010dait\u0117s-Bit\u0117s vie\u0161oji biblioteka\",\"url\":\"https:\\\/\\\/www.pavb.lt\\\/en\\\/\",\"logo\":{\"@type\":\"ImageObject\",\"inLanguage\":\"en-US\",\"@id\":\"https:\\\/\\\/www.pavb.lt\\\/en\\\/#\\\/schema\\\/logo\\\/image\\\/\",\"url\":\"https:\\\/\\\/www.pavb.lt\\\/wp-content\\\/uploads\\\/2017\\\/11\\\/pavb-logo.png\",\"contentUrl\":\"https:\\\/\\\/www.pavb.lt\\\/wp-content\\\/uploads\\\/2017\\\/11\\\/pavb-logo.png\",\"width\":512,\"height\":512,\"caption\":\"Panev\u0117\u017eio apskrities Gabriel\u0117s Petkevi\u010dait\u0117s-Bit\u0117s vie\u0161oji biblioteka\"},\"image\":{\"@id\":\"https:\\\/\\\/www.pavb.lt\\\/en\\\/#\\\/schema\\\/logo\\\/image\\\/\"}}]}<\/script>\n<!-- \/ Yoast SEO plugin. -->","yoast_head_json":{"title":"XIV konferencija, skirta Baltijos keliui ir Juodojo kaspino dienai atminti - Panevezys County Gabriele Petkevicaite-Bite Public Library","robots":{"index":"index","follow":"follow","max-snippet":"max-snippet:-1","max-image-preview":"max-image-preview:large","max-video-preview":"max-video-preview:-1"},"canonical":"https:\/\/www.pavb.lt\/regiono-biblioteku-projektai\/xiv-konferencija-skirta-baltijos-keliui-ir-juodojo-kaspino-dienai-atminti\/","og_locale":"en_US","og_type":"article","og_title":"XIV konferencija, skirta Baltijos keliui ir Juodojo kaspino dienai atminti - Panevezys County Gabriele Petkevicaite-Bite Public Library","og_description":"Tai \u2013 gyvosios istorijos konferencija, kasmet rengiama Juodojo kaspino ir Baltijos kelio dienai pamin\u0117ti. Partneris \u2013 Panev\u0117\u017eio kra\u0161totyros muziejus. Pasirinkta inovatyvi konferencijos strukt\u016bra: I dalis vyksta ne tradicin\u0117je konferencij\u0173 sal\u0117je, o paskutiniojo tarpukario Lietuvos u\u017esienio reikal\u0173 ministro Juozo Urb\u0161io, kuris baig\u0117 Juozo Bal\u010dikonio gimnazij\u0105 (tuomet Vyr\u0173 gimnazij\u0105), t\u0117vi\u0161k\u0117s sodyboje, \u010ci\u016br\u0173 kaime. Atvykusieji \u012f konferencij\u0105 turi..... Read More","og_url":"https:\/\/www.pavb.lt\/regiono-biblioteku-projektai\/xiv-konferencija-skirta-baltijos-keliui-ir-juodojo-kaspino-dienai-atminti\/","og_site_name":"Panevezys County Gabriele Petkevicaite-Bite Public Library","article_modified_time":"2021-11-10T13:14:09+00:00","og_image":[{"width":1000,"height":563,"url":"https:\/\/www.pavb.lt\/wp-content\/uploads\/2021\/08\/Juodojo-kaspino-konferencija.jpg","type":"image\/jpeg"}],"twitter_card":"summary_large_image","schema":{"@context":"https:\/\/schema.org","@graph":[{"@type":"WebPage","@id":"https:\/\/www.pavb.lt\/regiono-biblioteku-projektai\/xiv-konferencija-skirta-baltijos-keliui-ir-juodojo-kaspino-dienai-atminti\/","url":"https:\/\/www.pavb.lt\/regiono-biblioteku-projektai\/xiv-konferencija-skirta-baltijos-keliui-ir-juodojo-kaspino-dienai-atminti\/","name":"XIV konferencija, skirta Baltijos keliui ir Juodojo kaspino dienai atminti - Panevezys County Gabriele Petkevicaite-Bite Public Library","isPartOf":{"@id":"https:\/\/www.pavb.lt\/en\/#website"},"primaryImageOfPage":{"@id":"https:\/\/www.pavb.lt\/regiono-biblioteku-projektai\/xiv-konferencija-skirta-baltijos-keliui-ir-juodojo-kaspino-dienai-atminti\/#primaryimage"},"image":{"@id":"https:\/\/www.pavb.lt\/regiono-biblioteku-projektai\/xiv-konferencija-skirta-baltijos-keliui-ir-juodojo-kaspino-dienai-atminti\/#primaryimage"},"thumbnailUrl":"https:\/\/www.pavb.lt\/wp-content\/uploads\/2021\/08\/Juodojo-kaspino-konferencija.jpg","datePublished":"2021-08-27T05:51:07+00:00","dateModified":"2021-11-10T13:14:09+00:00","breadcrumb":{"@id":"https:\/\/www.pavb.lt\/regiono-biblioteku-projektai\/xiv-konferencija-skirta-baltijos-keliui-ir-juodojo-kaspino-dienai-atminti\/#breadcrumb"},"inLanguage":"en-US","potentialAction":[{"@type":"ReadAction","target":["https:\/\/www.pavb.lt\/regiono-biblioteku-projektai\/xiv-konferencija-skirta-baltijos-keliui-ir-juodojo-kaspino-dienai-atminti\/"]}]},{"@type":"ImageObject","inLanguage":"en-US","@id":"https:\/\/www.pavb.lt\/regiono-biblioteku-projektai\/xiv-konferencija-skirta-baltijos-keliui-ir-juodojo-kaspino-dienai-atminti\/#primaryimage","url":"https:\/\/www.pavb.lt\/wp-content\/uploads\/2021\/08\/Juodojo-kaspino-konferencija.jpg","contentUrl":"https:\/\/www.pavb.lt\/wp-content\/uploads\/2021\/08\/Juodojo-kaspino-konferencija.jpg","width":1000,"height":563,"caption":"Antano Stanevi\u010diaus nuotrauka, Ritos Razi\u016bnait\u0117s dizainas"},{"@type":"BreadcrumbList","@id":"https:\/\/www.pavb.lt\/regiono-biblioteku-projektai\/xiv-konferencija-skirta-baltijos-keliui-ir-juodojo-kaspino-dienai-atminti\/#breadcrumb","itemListElement":[{"@type":"ListItem","position":1,"name":"Home","item":"https:\/\/www.pavb.lt\/en\/"},{"@type":"ListItem","position":2,"name":"Regiono bibliotek\u0173 projektai","item":"https:\/\/www.pavb.lt\/en\/regiono-biblioteku-projektai\/"},{"@type":"ListItem","position":3,"name":"XIV konferencija, skirta Baltijos keliui ir Juodojo kaspino dienai atminti"}]},{"@type":"WebSite","@id":"https:\/\/www.pavb.lt\/en\/#website","url":"https:\/\/www.pavb.lt\/en\/","name":"Panevezys County Gabriele Petkevicaite-Bite Public Library","description":"Here is your Library!","publisher":{"@id":"https:\/\/www.pavb.lt\/en\/#organization"},"potentialAction":[{"@type":"SearchAction","target":{"@type":"EntryPoint","urlTemplate":"https:\/\/www.pavb.lt\/en\/?s={search_term_string}"},"query-input":{"@type":"PropertyValueSpecification","valueRequired":true,"valueName":"search_term_string"}}],"inLanguage":"en-US"},{"@type":"Organization","@id":"https:\/\/www.pavb.lt\/en\/#organization","name":"Panev\u0117\u017eio apskrities Gabriel\u0117s Petkevi\u010dait\u0117s-Bit\u0117s vie\u0161oji biblioteka","url":"https:\/\/www.pavb.lt\/en\/","logo":{"@type":"ImageObject","inLanguage":"en-US","@id":"https:\/\/www.pavb.lt\/en\/#\/schema\/logo\/image\/","url":"https:\/\/www.pavb.lt\/wp-content\/uploads\/2017\/11\/pavb-logo.png","contentUrl":"https:\/\/www.pavb.lt\/wp-content\/uploads\/2017\/11\/pavb-logo.png","width":512,"height":512,"caption":"Panev\u0117\u017eio apskrities Gabriel\u0117s Petkevi\u010dait\u0117s-Bit\u0117s vie\u0161oji biblioteka"},"image":{"@id":"https:\/\/www.pavb.lt\/en\/#\/schema\/logo\/image\/"}}]}},"jetpack_sharing_enabled":true,"_links":{"self":[{"href":"https:\/\/www.pavb.lt\/en\/wp-json\/wp\/v2\/regional_project\/41583","targetHints":{"allow":["GET"]}}],"collection":[{"href":"https:\/\/www.pavb.lt\/en\/wp-json\/wp\/v2\/regional_project"}],"about":[{"href":"https:\/\/www.pavb.lt\/en\/wp-json\/wp\/v2\/types\/regional_project"}],"replies":[{"embeddable":true,"href":"https:\/\/www.pavb.lt\/en\/wp-json\/wp\/v2\/comments?post=41583"}],"version-history":[{"count":0,"href":"https:\/\/www.pavb.lt\/en\/wp-json\/wp\/v2\/regional_project\/41583\/revisions"}],"wp:featuredmedia":[{"embeddable":true,"href":"https:\/\/www.pavb.lt\/en\/wp-json\/wp\/v2\/media\/41109"}],"wp:attachment":[{"href":"https:\/\/www.pavb.lt\/en\/wp-json\/wp\/v2\/media?parent=41583"}],"wp:term":[{"taxonomy":"prj_institution","embeddable":true,"href":"https:\/\/www.pavb.lt\/en\/wp-json\/wp\/v2\/prj_institution?post=41583"},{"taxonomy":"prj_partner","embeddable":true,"href":"https:\/\/www.pavb.lt\/en\/wp-json\/wp\/v2\/prj_partner?post=41583"},{"taxonomy":"prj_sponsor","embeddable":true,"href":"https:\/\/www.pavb.lt\/en\/wp-json\/wp\/v2\/prj_sponsor?post=41583"},{"taxonomy":"prj_category","embeddable":true,"href":"https:\/\/www.pavb.lt\/en\/wp-json\/wp\/v2\/prj_category?post=41583"},{"taxonomy":"prj_target_group","embeddable":true,"href":"https:\/\/www.pavb.lt\/en\/wp-json\/wp\/v2\/prj_target_group?post=41583"},{"taxonomy":"prj_year","embeddable":true,"href":"https:\/\/www.pavb.lt\/en\/wp-json\/wp\/v2\/prj_year?post=41583"},{"taxonomy":"prj_status","embeddable":true,"href":"https:\/\/www.pavb.lt\/en\/wp-json\/wp\/v2\/prj_status?post=41583"}],"curies":[{"name":"wp","href":"https:\/\/api.w.org\/{rel}","templated":true}]}}